{"id":313,"date":"2020-04-18T10:22:24","date_gmt":"2020-04-18T08:22:24","guid":{"rendered":"http:\/\/www.safemenuiseries.fr\/?page_id=313"},"modified":"2026-03-09T12:38:46","modified_gmt":"2026-03-09T11:38:46","slug":"qui-sommes-nous","status":"publish","type":"page","link":"https:\/\/www.safemenuiseries.fr\/","title":{"rendered":"ACTUALITES"},"content":{"rendered":"\r\n<p>Publi\u00e9 le 7 mars 2026 &#8211; 10h00<\/p>\r\n<p>&nbsp;<\/p>\r\n<h3 style=\"text-align: center;\" data-start=\"1073\" data-end=\"1109\"><strong data-start=\"1073\" data-end=\"1109\">SAFE f\u00eate ses 10 ans<\/strong><\/h3>\r\n<p><img decoding=\"async\" loading=\"lazy\" class=\"wp-image-771 aligncenter\" src=\"http:\/\/www.safemenuiseries.fr\/wp-content\/uploads\/2026\/03\/SAFE-10-ANS-300x200.png\" alt=\"\" width=\"287\" height=\"191\" srcset=\"https:\/\/www.safemenuiseries.fr\/wp-content\/uploads\/2026\/03\/SAFE-10-ANS-300x200.png 300w, https:\/\/www.safemenuiseries.fr\/wp-content\/uploads\/2026\/03\/SAFE-10-ANS-1024x683.png 1024w, https:\/\/www.safemenuiseries.fr\/wp-content\/uploads\/2026\/03\/SAFE-10-ANS-768x512.png 768w, https:\/\/www.safemenuiseries.fr\/wp-content\/uploads\/2026\/03\/SAFE-10-ANS.png 1536w\" sizes=\"(max-width: 287px) 100vw, 287px\" \/><\/p>\r\n<p style=\"text-align: justify;\" data-start=\"1111\" data-end=\"1200\">Cette ann\u00e9e, <strong>SAFE<\/strong> c\u00e9l\u00e8bre <strong data-start=\"1149\" data-end=\"1173\">10 ann\u00e9es d\u2019activit\u00e9<\/strong> au service de ses clients.<\/p>\r\n<p style=\"text-align: justify;\" data-start=\"1202\" data-end=\"1433\">Depuis sa cr\u00e9ation, l\u2019entreprise accompagne les particuliers dans leurs projets de remplacement de fen\u00eatres, volets et fermetures ext\u00e9rieures, avec une attention particuli\u00e8re port\u00e9e \u00e0 la qualit\u00e9 des produits et de la pose.<\/p>\r\n<p style=\"text-align: justify;\" data-start=\"1435\" data-end=\"1599\">Ces dix ann\u00e9es d\u2019exp\u00e9rience permettent aujourd\u2019hui \u00e0 SAFE de continuer \u00e0 proposer des solutions fiables, durables et adapt\u00e9es aux projets de r\u00e9novation.<\/p>\r\n<p style=\"text-align: center;\">\u00a0<\/p>\r\n<p>Publi\u00e9 le 2 mars 2026 &#8211; 10h00<\/p>\r\n<p>&nbsp;<\/p>\r\n<h3 style=\"text-align: center;\" data-start=\"279\" data-end=\"325\"><em><strong data-start=\"279\" data-end=\"325\">Certification RGE renouvel\u00e9e jusqu\u2019en 2028<\/strong><\/em><\/h3>\r\n<p>&nbsp;<\/p>\r\n<p style=\"text-align: justify;\"><img decoding=\"async\" loading=\"lazy\" class=\" wp-image-537 aligncenter\" src=\"http:\/\/www.safemenuiseries.fr\/wp-content\/uploads\/2020\/04\/logo_qualibat-RGE_2015_72dpi_RVB-247x300-1.png\" alt=\"\" width=\"188\" height=\"229\" \/><\/p>\r\n<p>&nbsp;<\/p>\r\n<p style=\"text-align: justify;\" data-start=\"327\" data-end=\"582\">SAFE a \u00e9t\u00e9 reconduite dans sa qualification <strong data-start=\"383\" data-end=\"426\">RGE (Reconnu Garant de l\u2019Environnement)<\/strong> jusqu\u2019en 2028.<br data-start=\"441\" data-end=\"444\" \/>Cette certification atteste du s\u00e9rieux de l\u2019entreprise et de la qualit\u00e9 des travaux r\u00e9alis\u00e9s dans le domaine de la r\u00e9novation \u00e9nerg\u00e9tique.<\/p>\r\n<p style=\"text-align: justify;\" data-start=\"584\" data-end=\"868\">Le label RGE est attribu\u00e9 aux entreprises r\u00e9pondant \u00e0 des crit\u00e8res stricts en mati\u00e8re de comp\u00e9tence, de fiabilit\u00e9 et de respect des normes. Il permet \u00e9galement aux particuliers de b\u00e9n\u00e9ficier, sous certaines conditions, des aides de l\u2019\u00c9tat pour leurs travaux de r\u00e9novation \u00e9nerg\u00e9tique.<\/p>\r\n<p style=\"text-align: justify;\" data-start=\"870\" data-end=\"1034\">Cette reconnaissance confirme l\u2019engagement de SAFE \u00e0 proposer des solutions performantes pour l\u2019am\u00e9lioration de l\u2019isolation et du confort des logements, et assure le client de la p\u00e9rennit\u00e9 de l&rsquo;entreprise qui se doit d&rsquo;\u00eatre \u00e0 jour de ses cotisations fiscales et sociales pour b\u00e9n\u00e9ficier de cette certification.\u00a0\u00a0<\/p>\r\n<p>&nbsp;<\/p>\r\n<p>Publi\u00e9 le 2 mai 2020 &#8211; 10h00<\/p>\r\n<p>&nbsp;<\/p>\r\n<h3 style=\"text-align: center;\"><strong><em>Reprise de nos activit\u00e9s le 11 mai<\/em><\/strong><\/h3>\r\n<p>&nbsp;<\/p>\r\n<p><img decoding=\"async\" loading=\"lazy\" class=\"size-medium wp-image-721 aligncenter\" src=\"http:\/\/www.safemenuiseries.fr\/wp-content\/uploads\/2020\/05\/Logo-1-300x98.jpg\" alt=\"\" width=\"300\" height=\"98\" srcset=\"https:\/\/www.safemenuiseries.fr\/wp-content\/uploads\/2020\/05\/Logo-1-300x98.jpg 300w, https:\/\/www.safemenuiseries.fr\/wp-content\/uploads\/2020\/05\/Logo-1-768x251.jpg 768w, https:\/\/www.safemenuiseries.fr\/wp-content\/uploads\/2020\/05\/Logo-1.jpg 825w\" sizes=\"(max-width: 300px) 100vw, 300px\" \/><\/p>\r\n<p>&nbsp;<\/p>\r\n\r\n<p style=\"text-align: justify;\">Le 17 mars 2020, en application des directives gouvernementales et afin de pr\u00e9server la sant\u00e9 de ses collaborateurs et de ses clients, nous avons d\u00e9cid\u00e9 de suspendre nos interventions pendant la p\u00e9riode de confinement.<\/p>\r\n<p style=\"text-align: justify;\">Les derni\u00e8res annonces gouvernementales encouragent les entreprises du b\u00e2timent \u00e0 reprendre leurs activit\u00e9s sans d\u00e9lai et une date de fin de confinement a \u00e9t\u00e9 fix\u00e9e, sous conditions, <strong>le 11 mai 2020<\/strong>. C&rsquo;est pourquoi nous avons pris la d\u00e9cision de reprendre les rendez-vous et interventions \u00e0 partir de cette date.<\/p>\r\n<p style=\"text-align: justify;\">Notre \u00e9quipe prendra les mesures de s\u00e9curit\u00e9 adapt\u00e9es \u00e0 des prestations \u00e0 domicile (distanciation sociale, port du masque, utilisation de gel hydroalcoolique).<\/p>\r\n<p style=\"text-align: justify;\">Conscients du c\u00f4t\u00e9 exceptionnel de cette situation, nous laisserons aux clients le choix de reporter les interventions \u00e0 une date ult\u00e9rieure, dans quel cas les marchandises seraient stock\u00e9es sans frais suppl\u00e9mentaire.<\/p>\r\n<p style=\"text-align: justify;\">Tous les clients ayant une commande en cours seront contact\u00e9s, au plus tard le 20 mai, afin de se voir communiquer un nouveau d\u00e9lai et une nouvelle date d&rsquo;intervention.<\/p>\r\n<p style=\"text-align: justify;\">D&rsquo;ici cette date, nous restons \u00e0 votre enti\u00e8re disposition pour toute information compl\u00e9mentaire.<\/p>\r\n<p style=\"text-align: justify;\">Prenez soin de vous et de vos proches.<\/p>\r\n<p>&nbsp;<\/p>\r\n<p>&nbsp;<\/p>\r\n<p>Publi\u00e9 le 18 avril 2020 &#8211; 10h00<\/p>\r\n<p>&nbsp;<\/p>\r\n<!-- \/wp:paragraph -->\r\n\r\n<!-- wp:paragraph -->\r\n<h3 style=\"text-align: center;\"><strong><em>Restons chez nous !<\/em><\/strong><\/h3>\r\n<!-- \/wp:paragraph -->\r\n\r\n<!-- wp:image {\"align\":\"center\",\"id\":323,\"width\":397,\"height\":217,\"sizeSlug\":\"large\"} -->\r\n<div class=\"wp-block-image\">\r\n<figure class=\"aligncenter size-large is-resized\"><img decoding=\"async\" loading=\"lazy\" class=\"wp-image-323 aligncenter\" src=\"http:\/\/www.safemenuiseries.fr\/wp-content\/uploads\/2020\/04\/Sans-titre.png\" alt=\"\" width=\"339\" height=\"186\" srcset=\"https:\/\/www.safemenuiseries.fr\/wp-content\/uploads\/2020\/04\/Sans-titre.png 635w, https:\/\/www.safemenuiseries.fr\/wp-content\/uploads\/2020\/04\/Sans-titre-300x164.png 300w\" sizes=\"(max-width: 339px) 100vw, 339px\" \/><\/figure>\r\n<\/div>\r\n<!-- \/wp:paragraph -->\r\n<p style=\"font-size: 15px; text-align: justify;\">La sant\u00e9 de nos collaborateurs \u00e9tant notre priorit\u00e9, nous avons d\u00e9cid\u00e9 de suspendre nos activit\u00e9s pendant la p\u00e9riode de confinement et nous vous invitons, plus que jamais, \u00e0 respecter, les mesures gouvernementales.<\/p>\r\n<!-- wp:paragraph {\"customFontSize\":18} -->\r\n<p style=\"font-size: 18px; text-align: justify;\"><em><strong>\u00c0 situation<\/strong><\/em><strong><em> exceptionnelle, mesures exceptionnelles. <\/em><\/strong><\/p>\r\n<!-- \/wp:paragraph -->\r\n<p style=\"font-size: 15px; text-align: justify;\">Nous vous proposons, durant cette p\u00e9riode, une estimation gratuite \u00e0 distance de vos travaux de menuiseries afin que vous puissiez avancer sur votre projet tout en restant \u00e0 votre domicile.Si vous \u00eates int\u00e9ress\u00e9s, vous pouvez nous contacter en message priv\u00e9 ou par mail \u00e0 l\u2019adresse <a href=\"mailto:contact@safemenuiseries.fr\">contact@safemenuiseries.fr<\/a> .Nous reviendrons vers vous, par t\u00e9l\u00e9phone ou appel visio, d\u00e8s r\u00e9ception de votre demande.<\/p>\r\n<!-- wp:paragraph {\"customFontSize\":18} -->\r\n<p style=\"font-size: 18px; text-align: justify;\"><em><strong>Remise de 5% sur les devis r\u00e9alis\u00e9s \u00e0 distance.<\/strong><\/em><\/p>\r\n<!-- \/wp:paragraph -->\r\n<p style=\"font-size: 15px; text-align: justify;\">Afin de vous accompagner au mieux durant cette p\u00e9riode sp\u00e9ciale, nous vous faisons \u00e9galement b\u00e9n\u00e9ficier d\u2019une remise de 5% pour tout devis sollicit\u00e9 \u00e0 distance entre le 1er et le 30 Avril 2020.<\/p>\r\n<!-- wp:paragraph {\"customFontSize\":15} -->\r\n<p style=\"font-size: 15px;\">Prenez soin de vous et de vos proches !<\/p>\r\n<p>&nbsp;<\/p>\r\n<p>&nbsp;<\/p>\r\n<!-- \/wp:paragraph -->\r\n\r\n<!-- wp:paragraph -->\r\n<p>Publi\u00e9 le 17 mars 2020 &#8211; 10h00<\/p>\r\n<p>&nbsp;<\/p>\r\n<h3 style=\"text-align: center;\"><em><strong>COVID-19 &#8211; Interruption des interventions.<\/strong><\/em><\/h3>\r\n<p>&nbsp;<\/p>\r\n<!-- \/wp:paragraph -->\r\n\r\n<!-- wp:image {\"align\":\"center\",\"width\":388,\"height\":212} -->\r\n<div class=\"wp-block-image\">\r\n<figure class=\"aligncenter is-resized\"><img decoding=\"async\" loading=\"lazy\" class=\"aligncenter\" src=\"http:\/\/www.safemenuiseries.fr\/wp-content\/uploads\/2020\/04\/Sans-titre.png\" alt=\"L\u2019attribut alt de cette image est vide, son nom de fichier est Sans-titre.png.\" width=\"388\" height=\"212\" \/><\/figure>\r\n<\/div>\r\n<p>&nbsp;<\/p>\r\n<!-- \/wp:paragraph -->\r\n\r\n<!-- wp:paragraph -->\r\n<p style=\"text-align: justify;\">La sant\u00e9 de nos collaborateurs et de nos clients \u00e9tant notre priorit\u00e9, et en respect des consignes \u00e9nonc\u00e9es ce-jour par le gouvernement, nous avons pris la d\u00e9cision de reporter nos chantiers et interventions pr\u00e9vus ces 15 prochains jours.<\/p>\r\n<!-- \/wp:paragraph -->\r\n\r\n<!-- wp:paragraph -->\r\n<p style=\"text-align: justify;\">Nous vous prions de bien vouloir nous excuser pour ce d\u00e9sagr\u00e9ment ind\u00e9pendant de notre volont\u00e9.<\/p>\r\n<!-- \/wp:paragraph -->\r\n\r\n<!-- wp:paragraph -->\r\n<p style=\"text-align: justify;\">En fonction des prochaines recommandations du gouvernement, nous ne manquerons pas de vous tenir inform\u00e9s de la date de reprise des nos interventions et chantiers.<\/p>\r\n<!-- \/wp:paragraph -->\r\n\r\n<!-- wp:paragraph -->\r\n<p style=\"text-align: justify;\">Notre bureau restera ouvert en t\u00e9l\u00e9travail et vous pouvez, durant cette p\u00e9riode, nous contacter pour toute information compl\u00e9mentaire ou toute autre demande.<\/p>\r\n<!-- \/wp:paragraph -->\r\n\r\n<!-- wp:paragraph -->\r\n<p style=\"text-align: justify;\">Prenez soin de vous et de vos proches !<\/p>\r\n<!-- \/wp:paragraph -->","protected":false},"excerpt":{"rendered":"<p>Publi\u00e9 le 7 mars 2026 &#8211; 10h00 &nbsp; SAFE f\u00eate ses 10 ans Cette ann\u00e9e, SAFE c\u00e9l\u00e8bre 10 ann\u00e9es d\u2019activit\u00e9<\/p>\n","protected":false},"author":1,"featured_media":0,"parent":0,"menu_order":0,"comment_status":"closed","ping_status":"closed","template":"","meta":[],"_links":{"self":[{"href":"https:\/\/www.safemenuiseries.fr\/index.php\/wp-json\/wp\/v2\/pages\/313"}],"collection":[{"href":"https:\/\/www.safemenuiseries.fr\/index.php\/wp-json\/wp\/v2\/pages"}],"about":[{"href":"https:\/\/www.safemenuiseries.fr\/index.php\/wp-json\/wp\/v2\/types\/page"}],"author":[{"embeddable":true,"href":"https:\/\/www.safemenuiseries.fr\/index.php\/wp-json\/wp\/v2\/users\/1"}],"replies":[{"embeddable":true,"href":"https:\/\/www.safemenuiseries.fr\/index.php\/wp-json\/wp\/v2\/comments?post=313"}],"version-history":[{"count":76,"href":"https:\/\/www.safemenuiseries.fr\/index.php\/wp-json\/wp\/v2\/pages\/313\/revisions"}],"predecessor-version":[{"id":901,"href":"https:\/\/www.safemenuiseries.fr\/index.php\/wp-json\/wp\/v2\/pages\/313\/revisions\/901"}],"wp:attachment":[{"href":"https:\/\/www.safemenuiseries.fr\/index.php\/wp-json\/wp\/v2\/media?parent=313"}],"curies":[{"name":"wp","href":"https:\/\/api.w.org\/{rel}","templated":true}]}}